{"id":422,"date":"2021-10-24T11:37:38","date_gmt":"2021-10-24T09:37:38","guid":{"rendered":"https:\/\/www.visionpourlafrique.org\/?page_id=422"},"modified":"2022-11-13T10:39:04","modified_gmt":"2022-11-13T09:39:04","slug":"nos-actions","status":"publish","type":"page","link":"https:\/\/www.visionpourlafrique.org\/en\/nos-actions\/","title":{"rendered":"Nos champs d&rsquo;action"},"content":{"rendered":"<h2 class=\"wp-block-heading\" id=\"oeuvre-missionnaire\">D\u00e9velopper l&rsquo;\u0153uvre missionnaire<\/h2>\n\n\n\n<div style=\"height:16px\" aria-hidden=\"true\" class=\"wp-block-spacer\"><\/div>\n\n\n\n<div class=\"wp-block-media-text alignwide is-stacked-on-mobile\" style=\"grid-template-columns:25% auto\"><figure class=\"wp-block-media-text__media\"><img loading=\"lazy\" decoding=\"async\" width=\"1024\" height=\"768\" src=\"https:\/\/www.visionpourlafrique.org\/wp-content\/uploads\/2021\/10\/Photo-de-LionEl-2-1024x768.jpg\" alt=\"\" class=\"wp-image-355 size-full\"\/><\/figure><div class=\"wp-block-media-text__content\">\n<blockquote class=\"wp-block-quote is-layout-flow wp-block-quote-is-layout-flow\">\n<p>B\u00e9nissez l\u2019\u00c9ternel, vous toutes ses arm\u00e9es,<br>Qui \u00eates ses serviteurs, et qui faites sa volont\u00e9!<br>B\u00e9nissez l\u2019\u00c9ternel, vous toutes ses \u0153uvres,<br>Dans tous les lieux de sa domination!<br>Mon \u00e2me, b\u00e9nis l\u2019\u00c9ternel!<\/p>\n<cite>Psaumes 103:21-22<\/cite><\/blockquote>\n<\/div><\/div>\n\n\n\n<div style=\"height:16px\" aria-hidden=\"true\" class=\"wp-block-spacer\"><\/div>\n\n\n\n<p>Pour l\u2019accomplissement de la mission que le Seigneur nous a laiss\u00e9e, Dieu trace des chemins dans les&nbsp; terres pour qu\u2019elles soient arros\u00e9es de Sa Parole divine qui d\u00e9livre les hommes de l\u2019empire du diable.<\/p>\n\n\n\n<p>Le Seigneur a promis que nous recevrions une puissance, le Saint-Esprit, pour \u00eatre ses t\u00e9moins l\u00e0 o\u00f9 il nous enverrait&nbsp; sur la terre.<\/p>\n\n\n\n<p>Depuis 15 ans les orientations et les strat\u00e9gies de la VIPA qui s\u2019organisent sont adapt\u00e9es aux besoins des villages, o\u00f9 Dieu nous ouvre une porte pour Sa Parole de Vie et d\u2019Esp\u00e9rance pour tous les peuples de toutes langues.<\/p>\n\n\n\n<p>Nous observons que Dieu l\u00e8ve des compagnons d\u2019\u0153uvre de diff\u00e9rents arri\u00e8re-plans pour \u00eatre ses messagers au sein m\u00eame des quartiers d\u2019o\u00f9 ils sont originaires, d\u00e9clarant avec foi et assurance son amour immuable et qu\u2019il est le Dieu v\u00e9ritable.<\/p>\n\n\n\n<p>Nous pouvons t\u00e9moigner que la puissance qui a ressuscit\u00e9 J\u00e9sus d\u2019entre les morts se manifeste pleinement dans les vies d\u2019hommes et de femmes, contraints de fuir des pressions, la d\u00e9tresse \u00e9conomique, sociale et sanitaire, cons\u00e9quences de conflits int\u00e9rieurs, de l\u2019insurrection ou des catastrophes naturelles.<\/p>\n\n\n\n<p>Leur rencontre avec J\u00e9sus fonde leur espoir en une vie nouvelle qui n\u2019est plus sous emprise des traditions ancestrales, mais au b\u00e9n\u00e9fice de sa gr\u00e2ce et de sa souverainet\u00e9.<\/p>\n\n\n\n<p>Vu l\u2019\u00e9tendue des territoires parfois arides, les responsables pastoraux s\u2019encouragent mutuellement \u00e0 multiplier des implantations d\u2019\u00e9glises au c\u0153ur des villages plut\u00f4t qu\u2019\u00e0 augmenter la taille de celles d\u00e9j\u00e0 existantes.<\/p>\n\n\n\n<p>Nous incitons fortement ce d\u00e9veloppement participatif pour favoriser l\u2019implication des groupes communautaires, car c\u2019est en prenant soin d\u2019eux, en se souciant de leurs pr\u00e9occupations du quotidien qu\u2019ils peuvent voir un amour authentique, celui de J\u00e9sus.<\/p>\n\n\n\n<p>C\u2019est en cela que nous nous effor\u00e7ons de soutenir les familles missionnaires, qui doivent quitter leur communaut\u00e9, en leur allouant une allocation et une logistique pour poursuivre le travail d\u2019\u00e9vang\u00e9lisation tout en recherchant un moyen de les rendre autonomes financi\u00e8rement.<\/p>\n\n\n\n<p>Bien que la t\u00e2che soit consid\u00e9rable, tout disciple qui manifeste un int\u00e9r\u00eat pour rejoindre l\u2019\u0153uvre ou se destine \u00e0 un minist\u00e8re pastoral officie d\u2019abord comme stagiaire sur un champ missionnaire au niveau local.<\/p>\n\n\n\n<p>Cette \u00e9tape de transition est une occasion pour d\u00e9couvrir l\u2019ensemble des activit\u00e9s en \u00e9tant au service des anciens, ce qui leur permet de se consacrer \u00e0 l\u2019\u00e9dification et \u00e0 la croissance spirituelle des disciples dans les \u00e9glises naissantes ou en \u00e9volution.<\/p>\n\n\n\n<p>Faire des disciples requiert&nbsp; un enseignement de la parole de Dieu et le d\u00e9veloppement d\u2019une relation personnelle avec le Seigneur J\u00e9sus.<\/p>\n\n\n\n<p>Nos projets se d\u00e9composent ainsi&nbsp;:<\/p>\n\n\n\n<ul class=\"wp-block-list\">\n<li>Implantation d\u2019\u00e9glises<\/li>\n\n\n\n<li>Soutien et installation des missionnaires.<\/li>\n\n\n\n<li>S\u00e9minaires pastoraux et enseignement th\u00e9ologique pour former les leaders spirituels<\/li>\n\n\n\n<li>R\u00e9novation de b\u00e2timents d\u2019\u00e9glises de campagne<\/li>\n\n\n\n<li>Acquisition de mat\u00e9riels&nbsp; et d\u2019\u00e9quipements d\u2019\u00e9vang\u00e9lisation (ambulance\u2026)<\/li>\n\n\n\n<li>Distribution de bibles et d\u2019ouvrages chr\u00e9tiens<\/li>\n<\/ul>","protected":false},"excerpt":{"rendered":"<p>D\u00e9velopper l&rsquo;\u0153uvre missionnaire Pour l\u2019accomplissement de la mission que le Seigneur nous a laiss\u00e9e, Dieu trace des chemins dans les&nbsp; terres pour qu\u2019elles soient arros\u00e9es de Sa Parole divine qui d\u00e9livre les hommes de l\u2019empire du diable. Le Seigneur a promis que nous recevrions une puissance, le Saint-Esprit, pour \u00eatre ses t\u00e9moins l\u00e0 o\u00f9 il&hellip; <br \/> <a class=\"read-more\" href=\"https:\/\/www.visionpourlafrique.org\/en\/nos-actions\/\">Read more<\/a><\/p>","protected":false},"author":1,"featured_media":0,"parent":0,"menu_order":0,"comment_status":"closed","ping_status":"closed","template":"","meta":{"footnotes":""},"class_list":["post-422","page","type-page","status-publish","hentry"],"_links":{"self":[{"href":"https:\/\/www.visionpourlafrique.org\/en\/wp-json\/wp\/v2\/pages\/422","targetHints":{"allow":["GET"]}}],"collection":[{"href":"https:\/\/www.visionpourlafrique.org\/en\/wp-json\/wp\/v2\/pages"}],"about":[{"href":"https:\/\/www.visionpourlafrique.org\/en\/wp-json\/wp\/v2\/types\/page"}],"author":[{"embeddable":true,"href":"https:\/\/www.visionpourlafrique.org\/en\/wp-json\/wp\/v2\/users\/1"}],"replies":[{"embeddable":true,"href":"https:\/\/www.visionpourlafrique.org\/en\/wp-json\/wp\/v2\/comments?post=422"}],"version-history":[{"count":10,"href":"https:\/\/www.visionpourlafrique.org\/en\/wp-json\/wp\/v2\/pages\/422\/revisions"}],"predecessor-version":[{"id":626,"href":"https:\/\/www.visionpourlafrique.org\/en\/wp-json\/wp\/v2\/pages\/422\/revisions\/626"}],"wp:attachment":[{"href":"https:\/\/www.visionpourlafrique.org\/en\/wp-json\/wp\/v2\/media?parent=422"}],"curies":[{"name":"wp","href":"https:\/\/api.w.org\/{rel}","templated":true}]}}