{"id":18,"date":"2021-07-30T21:06:53","date_gmt":"2021-07-30T19:06:53","guid":{"rendered":"https:\/\/www.visionpourlafrique.org\/?page_id=18-old"},"modified":"2021-10-24T11:49:25","modified_gmt":"2021-10-24T09:49:25","slug":"qui-nous-sommes","status":"publish","type":"page","link":"https:\/\/www.visionpourlafrique.org\/en\/qui-nous-sommes\/","title":{"rendered":"Qui nous sommes"},"content":{"rendered":"<figure class=\"wp-block-image size-large\"><img loading=\"lazy\" decoding=\"async\" width=\"1024\" height=\"296\" src=\"https:\/\/www.visionpourlafrique.org\/wp-content\/uploads\/2021\/07\/qui-nous-sommes-1024x296.webp\" alt=\"\" class=\"wp-image-45\" srcset=\"https:\/\/www.visionpourlafrique.org\/wp-content\/uploads\/2021\/07\/qui-nous-sommes-1024x296.webp 1024w, https:\/\/www.visionpourlafrique.org\/wp-content\/uploads\/2021\/07\/qui-nous-sommes-300x87.webp 300w, https:\/\/www.visionpourlafrique.org\/wp-content\/uploads\/2021\/07\/qui-nous-sommes-768x222.webp 768w, https:\/\/www.visionpourlafrique.org\/wp-content\/uploads\/2021\/07\/qui-nous-sommes-1536x444.webp 1536w, https:\/\/www.visionpourlafrique.org\/wp-content\/uploads\/2021\/07\/qui-nous-sommes.webp 1600w\" sizes=\"auto, (max-width: 1024px) 100vw, 1024px\" \/><\/figure>\n\n\n\n<h2 class=\"wp-block-heading\">Naissance de l\u2019\u0153uvre VIPA<\/h2>\n\n\n\n<h3 class=\"wp-block-heading\">Comment est n\u00e9e la VIPA et comment cette vision est-elle venue dans le c\u0153ur du serviteur Alain-Pascal M.&nbsp;?<\/h3>\n\n\n\n<p>Tout ceci est venu d\u2019un constat simple&nbsp;:<\/p>\n\n\n\n<blockquote class=\"wp-block-quote is-layout-flow wp-block-quote-is-layout-flow\"><p>Quelle est la place de l\u2019Afrique dans le monde ? Qu\u2019est-ce que Dieu veut faire pour l\u2019Afrique&nbsp;? Qu\u2019est-ce que Dieu veut faire avec l\u2019Afrique&nbsp;?<\/p><cite>Alain-Pascal M.<\/cite><\/blockquote>\n\n\n\n<p class=\"has-drop-cap\">Vous en conviendrez que ces questions peuvent paraitre banales, mais pour nous qui sommes africains et n\u00e9s en Afrique, nous avons toujours cette question au bout des l\u00e8vres surtout quand nous donnons notre vie \u00e0 J\u00e9sus et qu\u2019on a l\u2019impression que dans le conseil des nations les pays africains sont toujours d\u00e9laiss\u00e9s.<\/p>\n\n\n\n<p>Depuis la deuxi\u00e8me moiti\u00e9 des ann\u00e9es 90, nous avons lu des livres qui parlaient justement de la place de l\u2019Afrique dans le conseil des nations ; j&rsquo;en avais \u00e9galement lu dans mon cursus scolaire et toutes ces lectures ont servi \u00e0 \u00e9veiller ma conscience.<\/p>\n\n\n\n<p>\u00ab\u00a0Une saison blanche et s\u00e8che\u00a0\u00bb d\u2019Andr\u00e9 Brink, qui parlait des conditions des noirs, \u00ab\u00a0Rouge est le sang des noirs\u00a0\u00bb, \u00ab\u00a0Un turbulent silence\u00a0\u00bb, etc. Tous ces ouvrages \u00e9taient des ouvrages d\u2019interpellation sur la condition noire. Alors comme tout chr\u00e9tien un peu engag\u00e9 dans leur foi, nous nous posions la question suivante : si tel est la condition des\u00a0 noirs alors qu\u2019elle est la vision de Dieu pour l\u2019Afrique\u00a0?<\/p>\n\n\n\n<p>C\u2019est de l\u00e0 qu\u2019il y a eu \u00ab la vision de l\u2019Afrique&nbsp;\u00bb.<\/p>\n\n\n\n<p>Nous nous demandions ce que Dieu pensait de ce continent, d\u2019autant plus que nous avons grandi dans un contexte o\u00f9 il nous avait toujours \u00e9t\u00e9 dit que l\u2019Afrique \u00e9tait maudite, que le gouvernement \u00e9tait maudit, et nous &nbsp;commencions \u00e0 accepter ces mensonges historiques comme des v\u00e9rit\u00e9s.<\/p>\n\n\n\n<p>Avec le Saint-Esprit, nous avons compris que ce n\u2019\u00e9tait pas vrai, que Dieu n\u2019avait pas maudit une partie du monde et b\u00e9ni l\u2019autre. Il nous fallait juste revenir sur la parole, sur la r\u00e9v\u00e9lation de ces myst\u00e8res pour comprendre que ce n\u2019\u00e9tait pas le fruit de la co\u00efncidence et du hasard.<\/p>\n\n\n\n<p>Depuis le temps d\u2019Abraham jusqu\u2019au temps des ap\u00f4tres, en particulier avec l\u2019eunuque \u00e9thiopien, nous avons compris, dans ce temps de la fin que nous vivons, qu&rsquo; autant la foi chr\u00e9tienne est en train de mourir en occident, autant il plait \u00e0 Dieu de se servir de l\u2019Afrique pour maintenir la flamme dans le monde et b\u00e9nir le monde par l\u2019\u00e9vangile.<\/p>\n\n\n\n<h2 class=\"wp-block-heading\">Historique<\/h2>\n\n\n\n<h3 class=\"wp-block-heading\">Les d\u00e9buts<\/h3>\n\n\n\n<p class=\"has-drop-cap\">Initialement, quand nous sommes arriv\u00e9s en France, il s&rsquo;agissait un peu d&rsquo;un premier minist\u00e8re qui servait \u00e0 instruire les chr\u00e9tiens ressortissants de l\u2019Afrique sur la place de la proph\u00e9tie biblique sur l\u2019Afrique, et lutter contre le faux pessimisme chr\u00e9tien, c\u2019est-\u00e0-dire des gens pensant que Dieu ne peut rien faire pour l\u2019Afrique. Il faut dire que c\u2019\u00e9tait&nbsp; important pour nous. Ceux qui sont n\u00e9s en France et ailleurs ne voient pas les choses de la m\u00eame mani\u00e8re. Cela n&rsquo;a rien \u00e0 voir avec la s\u00e9paration ou autre. Simplement, quand nous venons de quelque part, naturellement nous nous posons des questions sur notre histoire. Dans les \u00e9glises qui nous recevaient, nous passions beaucoup de temps \u00e0 prier pour les pays africains de mani\u00e8re proph\u00e9tique, et les sujets principaux \u00e9taient : (i) que le Seigneur accomplisse sa vision sur l\u2019Afrique (ii) que pense le seigneur de l\u2019Afrique ? (iii) que Dieu se serve de l\u2019Afrique comme il veut, en d\u00e9bit de tout ce que nos yeux voient\u2009!<\/p>\n\n\n\n<p>Nous avons pass\u00e9 quelques ann\u00e9es \u00e0 prier ainsi jusqu\u2019\u00e0 ce que Dieu nous fasse comprendre que la r\u00e9v\u00e9lation est progressive, et qu\u2019aucune vision divine ne peut s\u2019accomplir dans la vie d\u2019un homme sans entretenir l\u2019\u00e9vangile.<\/p>\n\n\n\n<p>Vous connaissez peut-\u00eatre <em>Romains 1 verset 16<\/em> :<\/p>\n\n\n\n<blockquote class=\"wp-block-quote is-layout-flow wp-block-quote-is-layout-flow\"><p>Car je n\u2019ai point honte de l\u2019\u00c9vangile: c\u2019est une puissance de Dieu pour le salut de quiconque croit, du Juif premi\u00e8rement, puis du Grec<\/p><cite>Romains 1:16<\/cite><\/blockquote>\n\n\n\n<p><\/p>\n\n\n\n<p>En conclusion, l\u2019Afrique ne pouvait pas entrer dans sa destin\u00e9e proph\u00e9tique sans l&rsquo;\u00e9vangile. Nous nous sommes ainsi concert\u00e9s pour comprendre qu\u2019il fallait non seulement prier, mais agir pour cela.<\/p>\n\n\n\n<h3 class=\"wp-block-heading\">Comment devions nous agir&nbsp;?<\/h3>\n\n\n\n<p class=\"has-drop-cap\">Par le travail pour que l\u2019\u00e9vangile p\u00e9n\u00e8tre tous les compartiments des nations africaines et qu\u2019au travers d\u2019elles l&rsquo;\u00e9vangile p\u00e9n\u00e8tre aussi le reste du monde.<\/p>\n\n\n\n<p>Donc en accord avec les \u00e9glises, ce qui n\u2019a pas \u00e9t\u00e9 facile car les gens ne comprenaient pas au d\u00e9part, certains ont compris un peu sans toutefois s&rsquo;engager, mais nous avancions selon que le Seigneur nous faisait gr\u00e2ce de le faire.<\/p>\n\n\n\n<p class=\"has-drop-cap\">Aujourd\u2019hui, des \u00e9glises se font partenaires et des ouvriers viennent apporter leur contribution dans la pri\u00e8re et travailler \u00e0 ce que l\u2019\u00e9vangile avance dans les lieux non atteints des nations africaines. Cela se fait en partenariat avec les \u00e9glises en Europe, ici en France, mais aussi avec les \u00e9glises locales africaines comme celles du Cameroun, du Togo, du B\u00e9nin, du Burkina, du Maghreb, de la Lybie, etc.<\/p>\n\n\n\n<p>C\u2019est ainsi que nous sommes arriv\u00e9s \u00e0 la VIPA, Vision pour l&rsquo;Afrique.<\/p>","protected":false},"excerpt":{"rendered":"<p>Naissance de l\u2019\u0153uvre VIPA Comment est n\u00e9e la VIPA et comment cette vision est-elle venue dans le c\u0153ur du serviteur Alain-Pascal M.&nbsp;? Tout ceci est venu d\u2019un constat simple&nbsp;: Quelle est la place de l\u2019Afrique dans le monde ? Qu\u2019est-ce que Dieu veut faire pour l\u2019Afrique&nbsp;? Qu\u2019est-ce que Dieu veut faire avec l\u2019Afrique&nbsp;? Alain-Pascal M.&hellip; <br \/> <a class=\"read-more\" href=\"https:\/\/www.visionpourlafrique.org\/en\/qui-nous-sommes\/\">Read more<\/a><\/p>","protected":false},"author":1,"featured_media":0,"parent":0,"menu_order":0,"comment_status":"closed","ping_status":"closed","template":"","meta":{"footnotes":""},"class_list":["post-18","page","type-page","status-publish","hentry"],"_links":{"self":[{"href":"https:\/\/www.visionpourlafrique.org\/en\/wp-json\/wp\/v2\/pages\/18","targetHints":{"allow":["GET"]}}],"collection":[{"href":"https:\/\/www.visionpourlafrique.org\/en\/wp-json\/wp\/v2\/pages"}],"about":[{"href":"https:\/\/www.visionpourlafrique.org\/en\/wp-json\/wp\/v2\/types\/page"}],"author":[{"embeddable":true,"href":"https:\/\/www.visionpourlafrique.org\/en\/wp-json\/wp\/v2\/users\/1"}],"replies":[{"embeddable":true,"href":"https:\/\/www.visionpourlafrique.org\/en\/wp-json\/wp\/v2\/comments?post=18"}],"version-history":[{"count":14,"href":"https:\/\/www.visionpourlafrique.org\/en\/wp-json\/wp\/v2\/pages\/18\/revisions"}],"predecessor-version":[{"id":437,"href":"https:\/\/www.visionpourlafrique.org\/en\/wp-json\/wp\/v2\/pages\/18\/revisions\/437"}],"wp:attachment":[{"href":"https:\/\/www.visionpourlafrique.org\/en\/wp-json\/wp\/v2\/media?parent=18"}],"curies":[{"name":"wp","href":"https:\/\/api.w.org\/{rel}","templated":true}]}}